{"id":468,"date":"2025-07-08T15:28:27","date_gmt":"2025-07-08T13:28:27","guid":{"rendered":"https:\/\/ceramique-de-lamotte.remusat.fr\/?post_type=product&#038;p=468"},"modified":"2025-07-31T12:57:21","modified_gmt":"2025-07-31T10:57:21","slug":"pichet-louis-xv-decor-champetre-peint-main-levee-et-signe-rrt-2","status":"publish","type":"product","link":"https:\/\/ceramique-de-lamotte.remusat.fr\/?product=pichet-louis-xv-decor-champetre-peint-main-levee-et-signe-rrt-2","title":{"rendered":"Pichet Louis XV d\u00e9cor champ\u00eatre, peint \u00ab\u00a0main lev\u00e9e\u00a0\u00bb et sign\u00e9 RRt"},"content":{"rendered":"<figure id=\"attachment_469\" aria-describedby=\"caption-attachment-469\" style=\"width: 275px\" class=\"wp-caption alignnone\"><img class=\"size-medium wp-image-469 lws-optimize-lazyload\"  alt=\"\" width=\"275\" height=\"300\" \/ data-src=\"https:\/\/ceramique-de-lamotte.remusat.fr\/wp-content\/uploads\/2025\/07\/2025-07-07-20.11.13-275x300.jpg\" srcset=\"https:\/\/ceramique-de-lamotte.remusat.fr\/wp-content\/uploads\/2025\/07\/2025-07-07-20.11.13-275x300.jpg 275w, https:\/\/ceramique-de-lamotte.remusat.fr\/wp-content\/uploads\/2025\/07\/2025-07-07-20.11.13-938x1024.jpg 938w, https:\/\/ceramique-de-lamotte.remusat.fr\/wp-content\/uploads\/2025\/07\/2025-07-07-20.11.13-768x838.jpg 768w, https:\/\/ceramique-de-lamotte.remusat.fr\/wp-content\/uploads\/2025\/07\/2025-07-07-20.11.13-1407x1536.jpg 1407w, https:\/\/ceramique-de-lamotte.remusat.fr\/wp-content\/uploads\/2025\/07\/2025-07-07-20.11.13-1877x2048.jpg 1877w, https:\/\/ceramique-de-lamotte.remusat.fr\/wp-content\/uploads\/2025\/07\/2025-07-07-20.11.13-600x655.jpg 600w\" sizes=\"(max-width: 275px) 100vw, 275px\" \/><figcaption id=\"caption-attachment-469\" class=\"wp-caption-text\">Pichet Louis XV<\/figcaption><\/figure>\n<p><img class=\"size-medium wp-image-470 lws-optimize-lazyload\"  alt=\"\" width=\"300\" height=\"294\" \/ data-src=\"https:\/\/ceramique-de-lamotte.remusat.fr\/wp-content\/uploads\/2025\/07\/2025-07-07-20.11.16-1-300x294.jpg\" srcset=\"https:\/\/ceramique-de-lamotte.remusat.fr\/wp-content\/uploads\/2025\/07\/2025-07-07-20.11.16-1-300x294.jpg 300w, https:\/\/ceramique-de-lamotte.remusat.fr\/wp-content\/uploads\/2025\/07\/2025-07-07-20.11.16-1-1024x1004.jpg 1024w, https:\/\/ceramique-de-lamotte.remusat.fr\/wp-content\/uploads\/2025\/07\/2025-07-07-20.11.16-1-768x753.jpg 768w, https:\/\/ceramique-de-lamotte.remusat.fr\/wp-content\/uploads\/2025\/07\/2025-07-07-20.11.16-1-1536x1506.jpg 1536w, https:\/\/ceramique-de-lamotte.remusat.fr\/wp-content\/uploads\/2025\/07\/2025-07-07-20.11.16-1-2048x2008.jpg 2048w, https:\/\/ceramique-de-lamotte.remusat.fr\/wp-content\/uploads\/2025\/07\/2025-07-07-20.11.16-1-600x588.jpg 600w\" sizes=\"(max-width: 300px) 100vw, 300px\" \/><\/p>\n<p><img class=\"size-medium wp-image-471 lws-optimize-lazyload\"  alt=\"\" width=\"300\" height=\"291\" \/ data-src=\"https:\/\/ceramique-de-lamotte.remusat.fr\/wp-content\/uploads\/2025\/07\/2025-07-07-20.11.22-300x291.jpg\" srcset=\"https:\/\/ceramique-de-lamotte.remusat.fr\/wp-content\/uploads\/2025\/07\/2025-07-07-20.11.22-300x291.jpg 300w, https:\/\/ceramique-de-lamotte.remusat.fr\/wp-content\/uploads\/2025\/07\/2025-07-07-20.11.22-1024x993.jpg 1024w, https:\/\/ceramique-de-lamotte.remusat.fr\/wp-content\/uploads\/2025\/07\/2025-07-07-20.11.22-768x745.jpg 768w, https:\/\/ceramique-de-lamotte.remusat.fr\/wp-content\/uploads\/2025\/07\/2025-07-07-20.11.22-1536x1489.jpg 1536w, https:\/\/ceramique-de-lamotte.remusat.fr\/wp-content\/uploads\/2025\/07\/2025-07-07-20.11.22-2048x1985.jpg 2048w, https:\/\/ceramique-de-lamotte.remusat.fr\/wp-content\/uploads\/2025\/07\/2025-07-07-20.11.22-600x582.jpg 600w\" sizes=\"(max-width: 300px) 100vw, 300px\" \/><\/p>\n<p>&nbsp;<\/p>\n<p>&nbsp;<\/p>\n<p>&nbsp;<\/p>\n<p>&nbsp;<\/p>\n<p>&nbsp;<\/p>\n","protected":false},"excerpt":{"rendered":"<p>Pichet Louis XV, d\u00e9cor champ\u00eatre , peint \u00ab\u00a0main lev\u00e9e\u00a0\u00bb et sign\u00e9 RRt<\/p>\n<p>(Photos, non contractuelles, les commandes peuvent varier, les dessins \u00e9tant \u00e0 main lev\u00e9e)<\/p>\n<p>D\u00e9cor sous couverte ( couleur ivoire)<\/p>\n","protected":false},"featured_media":462,"comment_status":"open","ping_status":"closed","template":"","meta":[],"product_brand":[42],"product_cat":[27,22,23,32,30,41,24],"product_tag":[40],"class_list":{"0":"post-468","1":"product","2":"type-product","3":"status-publish","4":"has-post-thumbnail","6":"product_brand-ceramique-de-lamotte-par-renaud-remusat","7":"product_cat-ange-gres","8":"product_cat-assiette-a-dessert","9":"product_cat-assiette-plate","10":"product_cat-carreau-de-faience-signee-rrt","11":"product_cat-faience","12":"product_cat-pichet","13":"product_cat-plat-creux-d-31-cm","14":"product_tag-pichet","15":"product_shipping_class-l2","17":"first","18":"instock","19":"featured","20":"purchasable","21":"product-type-simple"},"yoast_head":"<!-- This site is optimized with the Yoast SEO plugin v27.5 - https:\/\/yoast.com\/product\/yoast-seo-wordpress\/ -->\n<title>Pichet Louis XV d\u00e9cor champ\u00eatre, peint &quot;main lev\u00e9e&quot; et sign\u00e9 RRt - C\u00e9ramique de Lamotte par Renaud R\u00e9musat - Arts de la table, fresques sur mesure 24530 La Chapelle-Faucher - Tel : 0615941062<\/title>\n<meta name=\"robots\" content=\"index, follow, max-snippet:-1, max-image-preview:large, max-video-preview:-1\" \/>\n<link rel=\"canonical\" href=\"https:\/\/ceramique-de-lamotte.remusat.fr\/?product=pichet-louis-xv-decor-champetre-peint-main-levee-et-signe-rrt-2\" \/>\n<meta property=\"og:locale\" content=\"fr_FR\" \/>\n<meta property=\"og:type\" content=\"article\" \/>\n<meta property=\"og:title\" content=\"Pichet Louis XV d\u00e9cor champ\u00eatre, peint &quot;main lev\u00e9e&quot; et sign\u00e9 RRt - C\u00e9ramique de Lamotte par Renaud R\u00e9musat - Arts de la table, fresques sur mesure 24530 La Chapelle-Faucher - Tel : 0615941062\" \/>\n<meta property=\"og:description\" content=\"Pichet Louis XV, d\u00e9cor champ\u00eatre , peint &quot;main lev\u00e9e&quot; et sign\u00e9 RRt  (Photos, non contractuelles, les commandes peuvent varier, les dessins \u00e9tant \u00e0 main lev\u00e9e)  D\u00e9cor sous couverte ( couleur ivoire)\" \/>\n<meta property=\"og:url\" content=\"https:\/\/ceramique-de-lamotte.remusat.fr\/?product=pichet-louis-xv-decor-champetre-peint-main-levee-et-signe-rrt-2\" \/>\n<meta property=\"og:site_name\" content=\"C\u00e9ramique de Lamotte par Renaud R\u00e9musat - Arts de la table, fresques sur mesure 24530 La Chapelle-Faucher - Tel : 0615941062\" \/>\n<meta property=\"article:modified_time\" content=\"2025-07-31T10:57:21+00:00\" \/>\n<meta property=\"og:image\" content=\"https:\/\/ceramique-de-lamotte.remusat.fr\/wp-content\/uploads\/2025\/07\/2025-07-07-20.11.16-scaled.jpg\" \/>\n\t<meta property=\"og:image:width\" content=\"2560\" \/>\n\t<meta property=\"og:image:height\" content=\"2510\" \/>\n\t<meta property=\"og:image:type\" content=\"image\/jpeg\" \/>\n<meta name=\"twitter:card\" content=\"summary_large_image\" \/>\n<meta name=\"twitter:label1\" content=\"Dur\u00e9e de lecture estim\u00e9e\" \/>\n\t<meta name=\"twitter:data1\" content=\"1 minute\" \/>\n<script type=\"application\/ld+json\" class=\"yoast-schema-graph\">{\"@context\":\"https:\\\/\\\/schema.org\",\"@graph\":[{\"@type\":\"WebPage\",\"@id\":\"https:\\\/\\\/ceramique-de-lamotte.remusat.fr\\\/?product=pichet-louis-xv-decor-champetre-peint-main-levee-et-signe-rrt-2\",\"url\":\"https:\\\/\\\/ceramique-de-lamotte.remusat.fr\\\/?product=pichet-louis-xv-decor-champetre-peint-main-levee-et-signe-rrt-2\",\"name\":\"Pichet Louis XV d\u00e9cor champ\u00eatre, peint \\\"main lev\u00e9e\\\" et sign\u00e9 RRt - C\u00e9ramique de Lamotte par Renaud R\u00e9musat - Arts de la table, fresques sur mesure 24530 La Chapelle-Faucher - Tel : 0615941062\",\"isPartOf\":{\"@id\":\"https:\\\/\\\/ceramique-de-lamotte.remusat.fr\\\/#website\"},\"primaryImageOfPage\":{\"@id\":\"https:\\\/\\\/ceramique-de-lamotte.remusat.fr\\\/?product=pichet-louis-xv-decor-champetre-peint-main-levee-et-signe-rrt-2#primaryimage\"},\"image\":{\"@id\":\"https:\\\/\\\/ceramique-de-lamotte.remusat.fr\\\/?product=pichet-louis-xv-decor-champetre-peint-main-levee-et-signe-rrt-2#primaryimage\"},\"thumbnailUrl\":\"https:\\\/\\\/ceramique-de-lamotte.remusat.fr\\\/wp-content\\\/uploads\\\/2025\\\/07\\\/2025-07-07-20.11.16-scaled.jpg\",\"datePublished\":\"2025-07-08T13:28:27+00:00\",\"dateModified\":\"2025-07-31T10:57:21+00:00\",\"breadcrumb\":{\"@id\":\"https:\\\/\\\/ceramique-de-lamotte.remusat.fr\\\/?product=pichet-louis-xv-decor-champetre-peint-main-levee-et-signe-rrt-2#breadcrumb\"},\"inLanguage\":\"fr-FR\",\"potentialAction\":[{\"@type\":\"ReadAction\",\"target\":[\"https:\\\/\\\/ceramique-de-lamotte.remusat.fr\\\/?product=pichet-louis-xv-decor-champetre-peint-main-levee-et-signe-rrt-2\"]}]},{\"@type\":\"ImageObject\",\"inLanguage\":\"fr-FR\",\"@id\":\"https:\\\/\\\/ceramique-de-lamotte.remusat.fr\\\/?product=pichet-louis-xv-decor-champetre-peint-main-levee-et-signe-rrt-2#primaryimage\",\"url\":\"https:\\\/\\\/ceramique-de-lamotte.remusat.fr\\\/wp-content\\\/uploads\\\/2025\\\/07\\\/2025-07-07-20.11.16-scaled.jpg\",\"contentUrl\":\"https:\\\/\\\/ceramique-de-lamotte.remusat.fr\\\/wp-content\\\/uploads\\\/2025\\\/07\\\/2025-07-07-20.11.16-scaled.jpg\",\"width\":2560,\"height\":2510,\"caption\":\"Pichet Louis XV d\u00e9cor champ\u00eatre\"},{\"@type\":\"BreadcrumbList\",\"@id\":\"https:\\\/\\\/ceramique-de-lamotte.remusat.fr\\\/?product=pichet-louis-xv-decor-champetre-peint-main-levee-et-signe-rrt-2#breadcrumb\",\"itemListElement\":[{\"@type\":\"ListItem\",\"position\":1,\"name\":\"Home\",\"item\":\"https:\\\/\\\/ceramique-de-lamotte.remusat.fr\\\/\"},{\"@type\":\"ListItem\",\"position\":2,\"name\":\"Boutique\",\"item\":\"https:\\\/\\\/ceramique-de-lamotte.remusat.fr\\\/?page_id=7\"},{\"@type\":\"ListItem\",\"position\":3,\"name\":\"Pichet Louis XV d\u00e9cor champ\u00eatre, peint \u00ab\u00a0main lev\u00e9e\u00a0\u00bb et sign\u00e9 RRt\"}]},{\"@type\":\"WebSite\",\"@id\":\"https:\\\/\\\/ceramique-de-lamotte.remusat.fr\\\/#website\",\"url\":\"https:\\\/\\\/ceramique-de-lamotte.remusat.fr\\\/\",\"name\":\"C\u00e9ramique de Lamotte par Renaud R\u00e9musat - Arts de la table, fresques sur mesure 24530 La Chapelle-Faucher - Tel : 0615941062\",\"description\":\"De la c\u00e9ramique fabriqu\u00e9 en P\u00e9rigord pr\u00e9s de Brant\u00f4me\",\"publisher\":{\"@id\":\"https:\\\/\\\/ceramique-de-lamotte.remusat.fr\\\/#organization\"},\"potentialAction\":[{\"@type\":\"SearchAction\",\"target\":{\"@type\":\"EntryPoint\",\"urlTemplate\":\"https:\\\/\\\/ceramique-de-lamotte.remusat.fr\\\/?s={search_term_string}\"},\"query-input\":{\"@type\":\"PropertyValueSpecification\",\"valueRequired\":true,\"valueName\":\"search_term_string\"}}],\"inLanguage\":\"fr-FR\"},{\"@type\":\"Organization\",\"@id\":\"https:\\\/\\\/ceramique-de-lamotte.remusat.fr\\\/#organization\",\"name\":\"C\u00e9ramique de Lamotte par Renaud R\u00e9musat - Arts de la table, fresques sur mesure 24530 La Chapelle-Faucher - Tel : 0615941062\",\"url\":\"https:\\\/\\\/ceramique-de-lamotte.remusat.fr\\\/\",\"logo\":{\"@type\":\"ImageObject\",\"inLanguage\":\"fr-FR\",\"@id\":\"https:\\\/\\\/ceramique-de-lamotte.remusat.fr\\\/#\\\/schema\\\/logo\\\/image\\\/\",\"url\":\"https:\\\/\\\/ceramique-de-lamotte.remusat.fr\\\/wp-content\\\/uploads\\\/2024\\\/07\\\/cropped-logos01.bmp\",\"contentUrl\":\"https:\\\/\\\/ceramique-de-lamotte.remusat.fr\\\/wp-content\\\/uploads\\\/2024\\\/07\\\/cropped-logos01.bmp\",\"width\":315,\"height\":312,\"caption\":\"C\u00e9ramique de Lamotte par Renaud R\u00e9musat  - Arts de la table, fresques sur mesure 24530 La Chapelle-Faucher - Tel : 0615941062\"},\"image\":{\"@id\":\"https:\\\/\\\/ceramique-de-lamotte.remusat.fr\\\/#\\\/schema\\\/logo\\\/image\\\/\"}}]}<\/script>\n<!-- \/ Yoast SEO plugin. -->","yoast_head_json":{"title":"Pichet Louis XV d\u00e9cor champ\u00eatre, peint \"main lev\u00e9e\" et sign\u00e9 RRt - C\u00e9ramique de Lamotte par Renaud R\u00e9musat - Arts de la table, fresques sur mesure 24530 La Chapelle-Faucher - Tel : 0615941062","robots":{"index":"index","follow":"follow","max-snippet":"max-snippet:-1","max-image-preview":"max-image-preview:large","max-video-preview":"max-video-preview:-1"},"canonical":"https:\/\/ceramique-de-lamotte.remusat.fr\/?product=pichet-louis-xv-decor-champetre-peint-main-levee-et-signe-rrt-2","og_locale":"fr_FR","og_type":"article","og_title":"Pichet Louis XV d\u00e9cor champ\u00eatre, peint \"main lev\u00e9e\" et sign\u00e9 RRt - C\u00e9ramique de Lamotte par Renaud R\u00e9musat - Arts de la table, fresques sur mesure 24530 La Chapelle-Faucher - Tel : 0615941062","og_description":"Pichet Louis XV, d\u00e9cor champ\u00eatre , peint \"main lev\u00e9e\" et sign\u00e9 RRt  (Photos, non contractuelles, les commandes peuvent varier, les dessins \u00e9tant \u00e0 main lev\u00e9e)  D\u00e9cor sous couverte ( couleur ivoire)","og_url":"https:\/\/ceramique-de-lamotte.remusat.fr\/?product=pichet-louis-xv-decor-champetre-peint-main-levee-et-signe-rrt-2","og_site_name":"C\u00e9ramique de Lamotte par Renaud R\u00e9musat - Arts de la table, fresques sur mesure 24530 La Chapelle-Faucher - Tel : 0615941062","article_modified_time":"2025-07-31T10:57:21+00:00","og_image":[{"width":2560,"height":2510,"url":"https:\/\/ceramique-de-lamotte.remusat.fr\/wp-content\/uploads\/2025\/07\/2025-07-07-20.11.16-scaled.jpg","type":"image\/jpeg"}],"twitter_card":"summary_large_image","twitter_misc":{"Dur\u00e9e de lecture estim\u00e9e":"1 minute"},"schema":{"@context":"https:\/\/schema.org","@graph":[{"@type":"WebPage","@id":"https:\/\/ceramique-de-lamotte.remusat.fr\/?product=pichet-louis-xv-decor-champetre-peint-main-levee-et-signe-rrt-2","url":"https:\/\/ceramique-de-lamotte.remusat.fr\/?product=pichet-louis-xv-decor-champetre-peint-main-levee-et-signe-rrt-2","name":"Pichet Louis XV d\u00e9cor champ\u00eatre, peint \"main lev\u00e9e\" et sign\u00e9 RRt - C\u00e9ramique de Lamotte par Renaud R\u00e9musat - Arts de la table, fresques sur mesure 24530 La Chapelle-Faucher - Tel : 0615941062","isPartOf":{"@id":"https:\/\/ceramique-de-lamotte.remusat.fr\/#website"},"primaryImageOfPage":{"@id":"https:\/\/ceramique-de-lamotte.remusat.fr\/?product=pichet-louis-xv-decor-champetre-peint-main-levee-et-signe-rrt-2#primaryimage"},"image":{"@id":"https:\/\/ceramique-de-lamotte.remusat.fr\/?product=pichet-louis-xv-decor-champetre-peint-main-levee-et-signe-rrt-2#primaryimage"},"thumbnailUrl":"https:\/\/ceramique-de-lamotte.remusat.fr\/wp-content\/uploads\/2025\/07\/2025-07-07-20.11.16-scaled.jpg","datePublished":"2025-07-08T13:28:27+00:00","dateModified":"2025-07-31T10:57:21+00:00","breadcrumb":{"@id":"https:\/\/ceramique-de-lamotte.remusat.fr\/?product=pichet-louis-xv-decor-champetre-peint-main-levee-et-signe-rrt-2#breadcrumb"},"inLanguage":"fr-FR","potentialAction":[{"@type":"ReadAction","target":["https:\/\/ceramique-de-lamotte.remusat.fr\/?product=pichet-louis-xv-decor-champetre-peint-main-levee-et-signe-rrt-2"]}]},{"@type":"ImageObject","inLanguage":"fr-FR","@id":"https:\/\/ceramique-de-lamotte.remusat.fr\/?product=pichet-louis-xv-decor-champetre-peint-main-levee-et-signe-rrt-2#primaryimage","url":"https:\/\/ceramique-de-lamotte.remusat.fr\/wp-content\/uploads\/2025\/07\/2025-07-07-20.11.16-scaled.jpg","contentUrl":"https:\/\/ceramique-de-lamotte.remusat.fr\/wp-content\/uploads\/2025\/07\/2025-07-07-20.11.16-scaled.jpg","width":2560,"height":2510,"caption":"Pichet Louis XV d\u00e9cor champ\u00eatre"},{"@type":"BreadcrumbList","@id":"https:\/\/ceramique-de-lamotte.remusat.fr\/?product=pichet-louis-xv-decor-champetre-peint-main-levee-et-signe-rrt-2#breadcrumb","itemListElement":[{"@type":"ListItem","position":1,"name":"Home","item":"https:\/\/ceramique-de-lamotte.remusat.fr\/"},{"@type":"ListItem","position":2,"name":"Boutique","item":"https:\/\/ceramique-de-lamotte.remusat.fr\/?page_id=7"},{"@type":"ListItem","position":3,"name":"Pichet Louis XV d\u00e9cor champ\u00eatre, peint \u00ab\u00a0main lev\u00e9e\u00a0\u00bb et sign\u00e9 RRt"}]},{"@type":"WebSite","@id":"https:\/\/ceramique-de-lamotte.remusat.fr\/#website","url":"https:\/\/ceramique-de-lamotte.remusat.fr\/","name":"C\u00e9ramique de Lamotte par Renaud R\u00e9musat - Arts de la table, fresques sur mesure 24530 La Chapelle-Faucher - Tel : 0615941062","description":"De la c\u00e9ramique fabriqu\u00e9 en P\u00e9rigord pr\u00e9s de Brant\u00f4me","publisher":{"@id":"https:\/\/ceramique-de-lamotte.remusat.fr\/#organization"},"potentialAction":[{"@type":"SearchAction","target":{"@type":"EntryPoint","urlTemplate":"https:\/\/ceramique-de-lamotte.remusat.fr\/?s={search_term_string}"},"query-input":{"@type":"PropertyValueSpecification","valueRequired":true,"valueName":"search_term_string"}}],"inLanguage":"fr-FR"},{"@type":"Organization","@id":"https:\/\/ceramique-de-lamotte.remusat.fr\/#organization","name":"C\u00e9ramique de Lamotte par Renaud R\u00e9musat - Arts de la table, fresques sur mesure 24530 La Chapelle-Faucher - Tel : 0615941062","url":"https:\/\/ceramique-de-lamotte.remusat.fr\/","logo":{"@type":"ImageObject","inLanguage":"fr-FR","@id":"https:\/\/ceramique-de-lamotte.remusat.fr\/#\/schema\/logo\/image\/","url":"https:\/\/ceramique-de-lamotte.remusat.fr\/wp-content\/uploads\/2024\/07\/cropped-logos01.bmp","contentUrl":"https:\/\/ceramique-de-lamotte.remusat.fr\/wp-content\/uploads\/2024\/07\/cropped-logos01.bmp","width":315,"height":312,"caption":"C\u00e9ramique de Lamotte par Renaud R\u00e9musat  - Arts de la table, fresques sur mesure 24530 La Chapelle-Faucher - Tel : 0615941062"},"image":{"@id":"https:\/\/ceramique-de-lamotte.remusat.fr\/#\/schema\/logo\/image\/"}}]}},"jetpack_sharing_enabled":true,"_links":{"self":[{"href":"https:\/\/ceramique-de-lamotte.remusat.fr\/index.php?rest_route=\/wp\/v2\/product\/468","targetHints":{"allow":["GET"]}}],"collection":[{"href":"https:\/\/ceramique-de-lamotte.remusat.fr\/index.php?rest_route=\/wp\/v2\/product"}],"about":[{"href":"https:\/\/ceramique-de-lamotte.remusat.fr\/index.php?rest_route=\/wp\/v2\/types\/product"}],"replies":[{"embeddable":true,"href":"https:\/\/ceramique-de-lamotte.remusat.fr\/index.php?rest_route=%2Fwp%2Fv2%2Fcomments&post=468"}],"wp:featuredmedia":[{"embeddable":true,"href":"https:\/\/ceramique-de-lamotte.remusat.fr\/index.php?rest_route=\/wp\/v2\/media\/462"}],"wp:attachment":[{"href":"https:\/\/ceramique-de-lamotte.remusat.fr\/index.php?rest_route=%2Fwp%2Fv2%2Fmedia&parent=468"}],"wp:term":[{"taxonomy":"product_brand","embeddable":true,"href":"https:\/\/ceramique-de-lamotte.remusat.fr\/index.php?rest_route=%2Fwp%2Fv2%2Fproduct_brand&post=468"},{"taxonomy":"product_cat","embeddable":true,"href":"https:\/\/ceramique-de-lamotte.remusat.fr\/index.php?rest_route=%2Fwp%2Fv2%2Fproduct_cat&post=468"},{"taxonomy":"product_tag","embeddable":true,"href":"https:\/\/ceramique-de-lamotte.remusat.fr\/index.php?rest_route=%2Fwp%2Fv2%2Fproduct_tag&post=468"}],"curies":[{"name":"wp","href":"https:\/\/api.w.org\/{rel}","templated":true}]}}