{"id":46,"date":"2024-07-08T09:25:38","date_gmt":"2024-07-08T07:25:38","guid":{"rendered":"https:\/\/ceramique-de-lamotte.remusat.fr\/?product=leather-clad-leisure-chair"},"modified":"2025-07-08T16:21:02","modified_gmt":"2025-07-08T14:21:02","slug":"leather-clad-leisure-chair","status":"publish","type":"product","link":"https:\/\/ceramique-de-lamotte.remusat.fr\/?product=leather-clad-leisure-chair","title":{"rendered":"Assiette  27 cm d\u00e9cor Emma peinte \u00ab\u00a0main lev\u00e9e\u00a0\u00bb"},"content":{"rendered":"<p><img class=\"alignnone size-medium wp-image-179 lws-optimize-lazyload\"  alt=\"\" width=\"294\" height=\"300\" \/ data-src=\"https:\/\/ceramique-de-lamotte.remusat.fr\/wp-content\/uploads\/2024\/07\/IMG_20240828_190141-294x300.jpg\" srcset=\"https:\/\/ceramique-de-lamotte.remusat.fr\/wp-content\/uploads\/2024\/07\/IMG_20240828_190141-294x300.jpg 294w, https:\/\/ceramique-de-lamotte.remusat.fr\/wp-content\/uploads\/2024\/07\/IMG_20240828_190141-1004x1024.jpg 1004w, https:\/\/ceramique-de-lamotte.remusat.fr\/wp-content\/uploads\/2024\/07\/IMG_20240828_190141-768x783.jpg 768w, https:\/\/ceramique-de-lamotte.remusat.fr\/wp-content\/uploads\/2024\/07\/IMG_20240828_190141-1506x1536.jpg 1506w, https:\/\/ceramique-de-lamotte.remusat.fr\/wp-content\/uploads\/2024\/07\/IMG_20240828_190141-2008x2048.jpg 2008w, https:\/\/ceramique-de-lamotte.remusat.fr\/wp-content\/uploads\/2024\/07\/IMG_20240828_190141-600x612.jpg 600w\" sizes=\"(max-width: 294px) 100vw, 294px\" \/><\/p>\n<p>Une assiette plate rouge, vert rouge, diam\u00e8tre environ 27 cm d\u00e9cor\u00e9e \u00e0 main lev\u00e9e par Renaud R\u00e9musat, sign\u00e9e main \u00a0\u00bb Lamotte en P\u00e9rigord RR\u00a0\u00bb, d\u00e9cor Emma<\/p>\n","protected":false},"excerpt":{"rendered":"<p>Une assiette plate rouge vert rouge d\u00e9cor Emma 27 cm sign\u00e9e Renaud R\u00e9musat ( RRt)<\/p>\n","protected":false},"featured_media":179,"comment_status":"open","ping_status":"closed","template":"","meta":[],"product_brand":[],"product_cat":[23],"product_tag":[],"class_list":{"0":"post-46","1":"product","2":"type-product","3":"status-publish","4":"has-post-thumbnail","6":"product_cat-assiette-plate","7":"product_shipping_class-l1","9":"first","10":"instock","11":"featured","12":"purchasable","13":"product-type-simple"},"yoast_head":"<!-- This site is optimized with the Yoast SEO plugin v27.5 - https:\/\/yoast.com\/product\/yoast-seo-wordpress\/ -->\n<title>Assiette 27 cm d\u00e9cor Emma peinte &quot;main lev\u00e9e&quot; - C\u00e9ramique de Lamotte par Renaud R\u00e9musat - Arts de la table, fresques sur mesure 24530 La Chapelle-Faucher - Tel : 0615941062<\/title>\n<meta name=\"robots\" content=\"index, follow, max-snippet:-1, max-image-preview:large, max-video-preview:-1\" \/>\n<link rel=\"canonical\" href=\"https:\/\/ceramique-de-lamotte.remusat.fr\/?product=leather-clad-leisure-chair\" \/>\n<meta property=\"og:locale\" content=\"fr_FR\" \/>\n<meta property=\"og:type\" content=\"article\" \/>\n<meta property=\"og:title\" content=\"Assiette 27 cm d\u00e9cor Emma peinte &quot;main lev\u00e9e&quot; - C\u00e9ramique de Lamotte par Renaud R\u00e9musat - Arts de la table, fresques sur mesure 24530 La Chapelle-Faucher - Tel : 0615941062\" \/>\n<meta property=\"og:description\" content=\"Une assiette plate rouge vert rouge d\u00e9cor Emma 27 cm sign\u00e9e Renaud R\u00e9musat ( RRt)\" \/>\n<meta property=\"og:url\" content=\"https:\/\/ceramique-de-lamotte.remusat.fr\/?product=leather-clad-leisure-chair\" \/>\n<meta property=\"og:site_name\" content=\"C\u00e9ramique de Lamotte par Renaud R\u00e9musat - Arts de la table, fresques sur mesure 24530 La Chapelle-Faucher - Tel : 0615941062\" \/>\n<meta property=\"article:modified_time\" content=\"2025-07-08T14:21:02+00:00\" \/>\n<meta property=\"og:image\" content=\"https:\/\/ceramique-de-lamotte.remusat.fr\/wp-content\/uploads\/2024\/07\/IMG_20240828_190141-1004x1024.jpg\" \/>\n\t<meta property=\"og:image:width\" content=\"1004\" \/>\n\t<meta property=\"og:image:height\" content=\"1024\" \/>\n\t<meta property=\"og:image:type\" content=\"image\/jpeg\" \/>\n<meta name=\"twitter:card\" content=\"summary_large_image\" \/>\n<meta name=\"twitter:label1\" content=\"Dur\u00e9e de lecture estim\u00e9e\" \/>\n\t<meta name=\"twitter:data1\" content=\"1 minute\" \/>\n<script type=\"application\/ld+json\" class=\"yoast-schema-graph\">{\"@context\":\"https:\\\/\\\/schema.org\",\"@graph\":[{\"@type\":\"WebPage\",\"@id\":\"https:\\\/\\\/ceramique-de-lamotte.remusat.fr\\\/?product=leather-clad-leisure-chair\",\"url\":\"https:\\\/\\\/ceramique-de-lamotte.remusat.fr\\\/?product=leather-clad-leisure-chair\",\"name\":\"Assiette 27 cm d\u00e9cor Emma peinte \\\"main lev\u00e9e\\\" - C\u00e9ramique de Lamotte par Renaud R\u00e9musat - Arts de la table, fresques sur mesure 24530 La Chapelle-Faucher - Tel : 0615941062\",\"isPartOf\":{\"@id\":\"https:\\\/\\\/ceramique-de-lamotte.remusat.fr\\\/#website\"},\"primaryImageOfPage\":{\"@id\":\"https:\\\/\\\/ceramique-de-lamotte.remusat.fr\\\/?product=leather-clad-leisure-chair#primaryimage\"},\"image\":{\"@id\":\"https:\\\/\\\/ceramique-de-lamotte.remusat.fr\\\/?product=leather-clad-leisure-chair#primaryimage\"},\"thumbnailUrl\":\"https:\\\/\\\/ceramique-de-lamotte.remusat.fr\\\/wp-content\\\/uploads\\\/2024\\\/07\\\/IMG_20240828_190141.jpg\",\"datePublished\":\"2024-07-08T07:25:38+00:00\",\"dateModified\":\"2025-07-08T14:21:02+00:00\",\"breadcrumb\":{\"@id\":\"https:\\\/\\\/ceramique-de-lamotte.remusat.fr\\\/?product=leather-clad-leisure-chair#breadcrumb\"},\"inLanguage\":\"fr-FR\",\"potentialAction\":[{\"@type\":\"ReadAction\",\"target\":[\"https:\\\/\\\/ceramique-de-lamotte.remusat.fr\\\/?product=leather-clad-leisure-chair\"]}]},{\"@type\":\"ImageObject\",\"inLanguage\":\"fr-FR\",\"@id\":\"https:\\\/\\\/ceramique-de-lamotte.remusat.fr\\\/?product=leather-clad-leisure-chair#primaryimage\",\"url\":\"https:\\\/\\\/ceramique-de-lamotte.remusat.fr\\\/wp-content\\\/uploads\\\/2024\\\/07\\\/IMG_20240828_190141.jpg\",\"contentUrl\":\"https:\\\/\\\/ceramique-de-lamotte.remusat.fr\\\/wp-content\\\/uploads\\\/2024\\\/07\\\/IMG_20240828_190141.jpg\",\"width\":2167,\"height\":2210},{\"@type\":\"BreadcrumbList\",\"@id\":\"https:\\\/\\\/ceramique-de-lamotte.remusat.fr\\\/?product=leather-clad-leisure-chair#breadcrumb\",\"itemListElement\":[{\"@type\":\"ListItem\",\"position\":1,\"name\":\"Home\",\"item\":\"https:\\\/\\\/ceramique-de-lamotte.remusat.fr\\\/\"},{\"@type\":\"ListItem\",\"position\":2,\"name\":\"Boutique\",\"item\":\"https:\\\/\\\/ceramique-de-lamotte.remusat.fr\\\/?page_id=7\"},{\"@type\":\"ListItem\",\"position\":3,\"name\":\"Assiette 27 cm d\u00e9cor Emma peinte \u00ab\u00a0main lev\u00e9e\u00a0\u00bb\"}]},{\"@type\":\"WebSite\",\"@id\":\"https:\\\/\\\/ceramique-de-lamotte.remusat.fr\\\/#website\",\"url\":\"https:\\\/\\\/ceramique-de-lamotte.remusat.fr\\\/\",\"name\":\"C\u00e9ramique de Lamotte par Renaud R\u00e9musat - Arts de la table, fresques sur mesure 24530 La Chapelle-Faucher - Tel : 0615941062\",\"description\":\"De la c\u00e9ramique fabriqu\u00e9 en P\u00e9rigord pr\u00e9s de Brant\u00f4me\",\"publisher\":{\"@id\":\"https:\\\/\\\/ceramique-de-lamotte.remusat.fr\\\/#organization\"},\"potentialAction\":[{\"@type\":\"SearchAction\",\"target\":{\"@type\":\"EntryPoint\",\"urlTemplate\":\"https:\\\/\\\/ceramique-de-lamotte.remusat.fr\\\/?s={search_term_string}\"},\"query-input\":{\"@type\":\"PropertyValueSpecification\",\"valueRequired\":true,\"valueName\":\"search_term_string\"}}],\"inLanguage\":\"fr-FR\"},{\"@type\":\"Organization\",\"@id\":\"https:\\\/\\\/ceramique-de-lamotte.remusat.fr\\\/#organization\",\"name\":\"C\u00e9ramique de Lamotte par Renaud R\u00e9musat - Arts de la table, fresques sur mesure 24530 La Chapelle-Faucher - Tel : 0615941062\",\"url\":\"https:\\\/\\\/ceramique-de-lamotte.remusat.fr\\\/\",\"logo\":{\"@type\":\"ImageObject\",\"inLanguage\":\"fr-FR\",\"@id\":\"https:\\\/\\\/ceramique-de-lamotte.remusat.fr\\\/#\\\/schema\\\/logo\\\/image\\\/\",\"url\":\"https:\\\/\\\/ceramique-de-lamotte.remusat.fr\\\/wp-content\\\/uploads\\\/2024\\\/07\\\/cropped-logos01.bmp\",\"contentUrl\":\"https:\\\/\\\/ceramique-de-lamotte.remusat.fr\\\/wp-content\\\/uploads\\\/2024\\\/07\\\/cropped-logos01.bmp\",\"width\":315,\"height\":312,\"caption\":\"C\u00e9ramique de Lamotte par Renaud R\u00e9musat  - Arts de la table, fresques sur mesure 24530 La Chapelle-Faucher - Tel : 0615941062\"},\"image\":{\"@id\":\"https:\\\/\\\/ceramique-de-lamotte.remusat.fr\\\/#\\\/schema\\\/logo\\\/image\\\/\"}}]}<\/script>\n<!-- \/ Yoast SEO plugin. -->","yoast_head_json":{"title":"Assiette 27 cm d\u00e9cor Emma peinte \"main lev\u00e9e\" - C\u00e9ramique de Lamotte par Renaud R\u00e9musat - Arts de la table, fresques sur mesure 24530 La Chapelle-Faucher - Tel : 0615941062","robots":{"index":"index","follow":"follow","max-snippet":"max-snippet:-1","max-image-preview":"max-image-preview:large","max-video-preview":"max-video-preview:-1"},"canonical":"https:\/\/ceramique-de-lamotte.remusat.fr\/?product=leather-clad-leisure-chair","og_locale":"fr_FR","og_type":"article","og_title":"Assiette 27 cm d\u00e9cor Emma peinte \"main lev\u00e9e\" - C\u00e9ramique de Lamotte par Renaud R\u00e9musat - Arts de la table, fresques sur mesure 24530 La Chapelle-Faucher - Tel : 0615941062","og_description":"Une assiette plate rouge vert rouge d\u00e9cor Emma 27 cm sign\u00e9e Renaud R\u00e9musat ( RRt)","og_url":"https:\/\/ceramique-de-lamotte.remusat.fr\/?product=leather-clad-leisure-chair","og_site_name":"C\u00e9ramique de Lamotte par Renaud R\u00e9musat - Arts de la table, fresques sur mesure 24530 La Chapelle-Faucher - Tel : 0615941062","article_modified_time":"2025-07-08T14:21:02+00:00","og_image":[{"width":1004,"height":1024,"url":"https:\/\/ceramique-de-lamotte.remusat.fr\/wp-content\/uploads\/2024\/07\/IMG_20240828_190141-1004x1024.jpg","type":"image\/jpeg"}],"twitter_card":"summary_large_image","twitter_misc":{"Dur\u00e9e de lecture estim\u00e9e":"1 minute"},"schema":{"@context":"https:\/\/schema.org","@graph":[{"@type":"WebPage","@id":"https:\/\/ceramique-de-lamotte.remusat.fr\/?product=leather-clad-leisure-chair","url":"https:\/\/ceramique-de-lamotte.remusat.fr\/?product=leather-clad-leisure-chair","name":"Assiette 27 cm d\u00e9cor Emma peinte \"main lev\u00e9e\" - C\u00e9ramique de Lamotte par Renaud R\u00e9musat - Arts de la table, fresques sur mesure 24530 La Chapelle-Faucher - Tel : 0615941062","isPartOf":{"@id":"https:\/\/ceramique-de-lamotte.remusat.fr\/#website"},"primaryImageOfPage":{"@id":"https:\/\/ceramique-de-lamotte.remusat.fr\/?product=leather-clad-leisure-chair#primaryimage"},"image":{"@id":"https:\/\/ceramique-de-lamotte.remusat.fr\/?product=leather-clad-leisure-chair#primaryimage"},"thumbnailUrl":"https:\/\/ceramique-de-lamotte.remusat.fr\/wp-content\/uploads\/2024\/07\/IMG_20240828_190141.jpg","datePublished":"2024-07-08T07:25:38+00:00","dateModified":"2025-07-08T14:21:02+00:00","breadcrumb":{"@id":"https:\/\/ceramique-de-lamotte.remusat.fr\/?product=leather-clad-leisure-chair#breadcrumb"},"inLanguage":"fr-FR","potentialAction":[{"@type":"ReadAction","target":["https:\/\/ceramique-de-lamotte.remusat.fr\/?product=leather-clad-leisure-chair"]}]},{"@type":"ImageObject","inLanguage":"fr-FR","@id":"https:\/\/ceramique-de-lamotte.remusat.fr\/?product=leather-clad-leisure-chair#primaryimage","url":"https:\/\/ceramique-de-lamotte.remusat.fr\/wp-content\/uploads\/2024\/07\/IMG_20240828_190141.jpg","contentUrl":"https:\/\/ceramique-de-lamotte.remusat.fr\/wp-content\/uploads\/2024\/07\/IMG_20240828_190141.jpg","width":2167,"height":2210},{"@type":"BreadcrumbList","@id":"https:\/\/ceramique-de-lamotte.remusat.fr\/?product=leather-clad-leisure-chair#breadcrumb","itemListElement":[{"@type":"ListItem","position":1,"name":"Home","item":"https:\/\/ceramique-de-lamotte.remusat.fr\/"},{"@type":"ListItem","position":2,"name":"Boutique","item":"https:\/\/ceramique-de-lamotte.remusat.fr\/?page_id=7"},{"@type":"ListItem","position":3,"name":"Assiette 27 cm d\u00e9cor Emma peinte \u00ab\u00a0main lev\u00e9e\u00a0\u00bb"}]},{"@type":"WebSite","@id":"https:\/\/ceramique-de-lamotte.remusat.fr\/#website","url":"https:\/\/ceramique-de-lamotte.remusat.fr\/","name":"C\u00e9ramique de Lamotte par Renaud R\u00e9musat - Arts de la table, fresques sur mesure 24530 La Chapelle-Faucher - Tel : 0615941062","description":"De la c\u00e9ramique fabriqu\u00e9 en P\u00e9rigord pr\u00e9s de Brant\u00f4me","publisher":{"@id":"https:\/\/ceramique-de-lamotte.remusat.fr\/#organization"},"potentialAction":[{"@type":"SearchAction","target":{"@type":"EntryPoint","urlTemplate":"https:\/\/ceramique-de-lamotte.remusat.fr\/?s={search_term_string}"},"query-input":{"@type":"PropertyValueSpecification","valueRequired":true,"valueName":"search_term_string"}}],"inLanguage":"fr-FR"},{"@type":"Organization","@id":"https:\/\/ceramique-de-lamotte.remusat.fr\/#organization","name":"C\u00e9ramique de Lamotte par Renaud R\u00e9musat - Arts de la table, fresques sur mesure 24530 La Chapelle-Faucher - Tel : 0615941062","url":"https:\/\/ceramique-de-lamotte.remusat.fr\/","logo":{"@type":"ImageObject","inLanguage":"fr-FR","@id":"https:\/\/ceramique-de-lamotte.remusat.fr\/#\/schema\/logo\/image\/","url":"https:\/\/ceramique-de-lamotte.remusat.fr\/wp-content\/uploads\/2024\/07\/cropped-logos01.bmp","contentUrl":"https:\/\/ceramique-de-lamotte.remusat.fr\/wp-content\/uploads\/2024\/07\/cropped-logos01.bmp","width":315,"height":312,"caption":"C\u00e9ramique de Lamotte par Renaud R\u00e9musat  - Arts de la table, fresques sur mesure 24530 La Chapelle-Faucher - Tel : 0615941062"},"image":{"@id":"https:\/\/ceramique-de-lamotte.remusat.fr\/#\/schema\/logo\/image\/"}}]}},"jetpack_sharing_enabled":true,"_links":{"self":[{"href":"https:\/\/ceramique-de-lamotte.remusat.fr\/index.php?rest_route=\/wp\/v2\/product\/46","targetHints":{"allow":["GET"]}}],"collection":[{"href":"https:\/\/ceramique-de-lamotte.remusat.fr\/index.php?rest_route=\/wp\/v2\/product"}],"about":[{"href":"https:\/\/ceramique-de-lamotte.remusat.fr\/index.php?rest_route=\/wp\/v2\/types\/product"}],"replies":[{"embeddable":true,"href":"https:\/\/ceramique-de-lamotte.remusat.fr\/index.php?rest_route=%2Fwp%2Fv2%2Fcomments&post=46"}],"wp:featuredmedia":[{"embeddable":true,"href":"https:\/\/ceramique-de-lamotte.remusat.fr\/index.php?rest_route=\/wp\/v2\/media\/179"}],"wp:attachment":[{"href":"https:\/\/ceramique-de-lamotte.remusat.fr\/index.php?rest_route=%2Fwp%2Fv2%2Fmedia&parent=46"}],"wp:term":[{"taxonomy":"product_brand","embeddable":true,"href":"https:\/\/ceramique-de-lamotte.remusat.fr\/index.php?rest_route=%2Fwp%2Fv2%2Fproduct_brand&post=46"},{"taxonomy":"product_cat","embeddable":true,"href":"https:\/\/ceramique-de-lamotte.remusat.fr\/index.php?rest_route=%2Fwp%2Fv2%2Fproduct_cat&post=46"},{"taxonomy":"product_tag","embeddable":true,"href":"https:\/\/ceramique-de-lamotte.remusat.fr\/index.php?rest_route=%2Fwp%2Fv2%2Fproduct_tag&post=46"}],"curies":[{"name":"wp","href":"https:\/\/api.w.org\/{rel}","templated":true}]}}